{"id":286,"date":"2023-10-17T17:39:28","date_gmt":"2023-10-17T14:39:28","guid":{"rendered":"https:\/\/demirsan.com\/?page_id=286"},"modified":"2023-10-17T17:41:59","modified_gmt":"2023-10-17T14:41:59","slug":"acik-riza-metni-musteri","status":"publish","type":"page","link":"https:\/\/demirsan.com\/en\/acik-riza-metni-musteri\/","title":{"rendered":"EXPLICIT CONSENT TEXT CANDIDATE CUSTOMER"},"content":{"rendered":"<div data-elementor-type=\"wp-page\" data-elementor-id=\"286\" class=\"elementor elementor-286\" data-elementor-post-type=\"page\">\n\t\t\t\t<div class=\"elementor-element elementor-element-1b8f5f85 e-flex e-con-boxed e-con e-parent\" data-id=\"1b8f5f85\" data-element_type=\"container\" data-e-type=\"container\">\n\t\t\t\t\t<div class=\"e-con-inner\">\n\t\t\t\t<div class=\"elementor-element elementor-element-54ab61ed elementor-widget elementor-widget-text-editor\" data-id=\"54ab61ed\" data-element_type=\"widget\" data-e-type=\"widget\" data-widget_type=\"text-editor.default\">\n\t\t\t\t<div class=\"elementor-widget-container\">\n\t\t\t\t\t\t\t\t\t<p><strong>K\u0130\u015e\u0130SEL VER\u0130LER\u0130N \u0130\u015eLENMES\u0130NE \u0130L\u0130\u015eK\u0130N M\u00dc\u015eTER\u0130 A\u00c7IK RIZA BEYANI<\/strong><br>Demirsan So\u011fuk \u00c7ekme Sanayi ve Ticaret Anonim \u015eirketi (\u015eirket olarak an\u0131lacakt\u0131r.) taraf\u0131ndan iletilen<br>ayd\u0131nlatma metni ile taraf\u0131ma, i\u015flenecek ki\u015fisel veri kategorileri, i\u015flenecek \u00f6zel nitelikli ki\u015fisel veriler <strong>(Uyruk,<\/strong><br><strong>Hastal\u0131k durumu, Fiziksel Engellilik durumu, Islak \u0130mza, Foto\u011fraf, Adli Sicil Kayd\u0131 bilgisi, Sa\u011fl\u0131k Raporunda<\/strong><br><strong>yer alan Ki\u015fisel Sa\u011fl\u0131k Bilgileri, Kan Grubu Bilgisi, Fiziksel Mekan G\u00fcvenli\u011fine \u0130li\u015fkin Kamera Kayd\u0131 ile<\/strong><br><strong>G\u00f6r\u00fcnt\u00fc )<\/strong> i\u015flenme ama\u00e7lar\u0131 (Toplanan ki\u015fisel verileriniz, ki\u015fisel verilerinizi bizlere a\u00e7\u0131klaman\u0131za konu olan;<br>\u015eirket&#8217;in ve \u015eirket&#8217;le i\u015f ili\u015fkisi i\u00e7erisinde olan ilgili ki\u015filerin hukuki, teknik ve ticari-i\u015f g\u00fcvenli\u011finin temini;<br>\u015eirket taraf\u0131ndan sunulan \u00fcr\u00fcn ve hizmetlerin ilgili ki\u015filerin be\u011feni, kullan\u0131m al\u0131\u015fkanl\u0131klar\u0131 ve ihtiya\u00e7lar\u0131na<br>g\u00f6re \u00f6zelle\u015ftirilerek ilgili ki\u015filere \u00f6nerilmesi ve tan\u0131t\u0131lmas\u0131 i\u00e7in gerekli olan aktivitelerin planlanmas\u0131 ve icras\u0131;<br>\u015eirket taraf\u0131ndan sunulan \u00fcr\u00fcn ve hizmetlerden ilgili ki\u015fileri faydaland\u0131rmak i\u00e7in gerekli \u00e7al\u0131\u015fmalar\u0131n i\u015f<br>birimlerimiz taraf\u0131ndan yap\u0131lmas\u0131 ve ilgili i\u015f s\u00fcre\u00e7lerinin y\u00fcr\u00fct\u00fclmesi; \u015eirket&#8217;in ticari ve\/veya i\u015f stratejilerinin<br>planlanmas\u0131 ve icras\u0131; \u015eirket taraf\u0131ndan y\u00fcr\u00fct\u00fclen ticari faaliyetlerin ger\u00e7ekle\u015ftirilmesi i\u00e7in ilgili i\u015f<br>birimlerimiz taraf\u0131ndan gerekli \u00e7al\u0131\u015fmalar\u0131n yap\u0131lmas\u0131 ve buna ba\u011fl\u0131 i\u015f s\u00fcre\u00e7lerinin y\u00fcr\u00fct\u00fclmesi; \u015eirket&#8217;in<br>insan kaynaklar\u0131 politikalar\u0131 ve s\u00fcre\u00e7lerinin planlanmas\u0131n\u0131n ve icra edilmesi, sat\u0131n ald\u0131klar\u0131 veya ilgilendikleri<\/p>\n<p>\u00fcr\u00fcn-hizmetler ile ilgili m\u00fc\u015fteri deneyimleri, t\u00fcketici haklar\u0131, m\u00fc\u015fteri\/\u00fcye hizmetleri ve bunlara ili\u015fkin ticari-<br>mali ve hukuki sorumluluk-y\u00fck\u00fcml\u00fcl\u00fcklerin ger\u00e7ekle\u015ftirilmesine dair yasal nedenlerle, gerek genel ve ki\u015fiye<\/p>\n<p>\u00f6zel \u00fcr\u00fcn-hizmet ve imkanlardan yararland\u0131r\u0131labilmeleri i\u00e7in ve gerek ise her t\u00fcrl\u00fc \u00fcr\u00fcn-hizmet tan\u0131t\u0131m\u0131,<br>reklam, ileti\u015fim, promosyon, sat\u0131\u015f, pazarlama, kredi kart\u0131 ve kullan\u0131c\u0131\/\u00fcyelik\/m\u00fc\u015fteri bilgilendirmeleri,<br>i\u015flemleri ve uygulamalar\u0131 yap\u0131lmas\u0131, ama\u00e7lar\u0131yla 6698 say\u0131l\u0131 Kanun\u2019un 5. ve 6. maddelerinde belirtilen ki\u015fisel<br>veri i\u015fleme \u015fartlar\u0131 ve ama\u00e7lar\u0131 dahilinde i\u015flenecektir. Ki\u015fisel verilerinizin \u015eirketimiz taraf\u0131ndan i\u015flenme<br>ama\u00e7lar\u0131 konusunda detayl\u0131 bilgilere <b>www.demirsan.com<\/b> internet adresinden kamuoyu ile payla\u015f\u0131lm\u0131\u015f olan<br>Demirsan So\u011fuk \u00c7ekme Sanayi ve Ticaret Anonim \u015eirketi Ki\u015fisel Verilerin Korunmas\u0131 ve \u0130\u015flenmesi<br>Politikas\u0131ndan ula\u015fabilirsiniz.) aktar\u0131laca\u011f\u0131 ki\u015filer(Toplanan ki\u015fisel verileriniz; \u015eirket taraf\u0131ndan y\u00fcr\u00fct\u00fclen<br>ticari faaliyetlerin ger\u00e7ekle\u015ftirilmesi i\u00e7in ilgili i\u015f birimlerimiz taraf\u0131ndan gerekli \u00e7al\u0131\u015fmalar\u0131n yap\u0131lmas\u0131 ve<br>buna ba\u011fl\u0131 i\u015f s\u00fcre\u00e7lerinin y\u00fcr\u00fct\u00fclmesi; \u015eirket taraf\u0131ndan sunulan \u00fcr\u00fcn ve hizmetlerden ilgili ki\u015fileri<br>faydaland\u0131rmak i\u00e7in gerekli \u00e7al\u0131\u015fmalar\u0131n i\u015f birimlerimiz taraf\u0131ndan yap\u0131lmas\u0131 ve ilgili i\u015f s\u00fcre\u00e7lerinin<br>y\u00fcr\u00fct\u00fclmesi; \u015eirket&#8217;in ticari ve\/veya i\u015f stratejilerinin planlanmas\u0131 ve icras\u0131; \u015eirket&#8217;in ve \u015firketle i\u015f ili\u015fkisi<br>i\u00e7erisinde olan ilgili ki\u015filerin hukuki, teknik ve ticari-i\u015f g\u00fcvenli\u011finin temini, (Ziyaret\u00e7ilerin \u015eirketimize ve<br>yukar\u0131da an\u0131lan kurulu\u015flara s\u00f6zl\u00fc\/yaz\u0131l\u0131 verdikleri bilgilerden, ma\u011fazalar\u0131 ve\/veya bulunduklar\u0131 fiziki-sanal<br>ortamlar\u0131, mobil uygulamalar\u0131 dahil olmak \u00fczere internet sitelerini ziyaretlerinden ve i\u00e7erik<br>incelemelerinden, sosyal medya ve reklam a\u011f\u0131 i\u015fletmecilerine ait sitelerdeki \u00fcyelik ve i\u015flem bilgilerinden,<br>\u015eirketimiz ve yukar\u0131da an\u0131lan kurulu\u015flar nezdindeki (fiziki ve sanal\/dijital) \u00fcye\/kullan\u0131c\u0131 ve \u00e7a\u011fr\u0131 merkezi<br>i\u015flemleri ile al\u0131\u015fveri\u015flere ve m\u00fc\u015fteri memnuniyetine dair \u00f6deme-tahsilat-teslimat-\u015fikayet-kampanya-anket<br>i\u015flemleri ve bunlar\u0131n yasal mali belgeleri ile di\u011fer belgeleri-kay\u0131tlar\u0131ndan, ayr\u0131ca sabit-mobil nitelikli internet<br>ve ileti\u015fim cihazlar\u0131n\u0131n ve\/veya mobil uygulamalar\u0131n muhtelif ortamlarda ve yerde kullan\u0131mlar\u0131nda<br>olu\u015fan\/edinilen yaz\u0131l\u0131, s\u00f6zl\u00fc, g\u00f6rsel ve teknik verilerden) temin, devral\u0131nma, yasal azami s\u00fcreler a\u015f\u0131lmamak<br>\u00fczere ve bilginin mahiyetine g\u00f6re i\u015flenme amac\u0131na uygun olarak \u00f6ng\u00f6r\u00fclecek s\u00fcre ile yurt i\u00e7inde<br>yaz\u0131l\u0131\/manyetik ar\u015fivlere kaydedilme, depolanma, saklanma, muhafaza, elde edilebilir hale getirilme,<br>kullan\u0131lma, g\u00fcncellenme, de\u011fi\u015ftirilme, birle\u015ftirilme, yeniden d\u00fczenlenme, s\u0131n\u0131fland\u0131r\u0131lma, a\u00e7\u0131klanma<br>ama\u00e7lar\u0131yla; grup \u015firketimiz (Demir Raf ve Stand Sanayi Limited \u015eirketi) i\u015f ortaklar\u0131m\u0131za, tedarik\u00e7ilerimize,<br>hissedarlar\u0131m\u0131za, i\u015ftiraklerimize, kanunen yetkili kamu kurumlar\u0131 ve \u00f6zel ki\u015filere, 6698 say\u0131l\u0131 Kanun\u2019un 8.<br>ve 9. maddelerinde belirtilen ki\u015fisel veri i\u015fleme \u015fartlar\u0131 ve ama\u00e7lar\u0131 \u00e7er\u00e7evesinde www.demirsan.com<br>internet adresinden kamuoyu ile payla\u015f\u0131lm\u0131\u015f olan Demirsan So\u011fuk \u00c7ekme Sanayi ve Ticaret Anonim \u015eirketi<br>Ki\u015fisel Verilerin Korunmas\u0131 ve \u0130\u015flenmesi Politikas\u0131nda belirtilen ama\u00e7larla s\u0131n\u0131rl\u0131 olarak aktar\u0131labilecektir.)<br>toplanma y\u00f6ntemleri ve hukuki sebepleri, veri sorumlusunun kimli\u011fi ve sahip oldu\u011fum haklar ayr\u0131nt\u0131l\u0131 ve<br>anla\u015f\u0131l\u0131r bir bi\u00e7imde anlat\u0131lm\u0131\u015f ve taraf\u0131mca s\u00f6z konusu bu bilgilendirme metni okunmu\u015ftur.<\/p>\n<p><span style=\"color: var( --e-global-color-text ); font-family: var( --e-global-typography-text-font-family ), Sans-serif; font-weight: var( --e-global-typography-text-font-weight ); font-size: 1rem;\">\u0130\u015flenecek ki\u015fisel verilerimin 6698 say\u0131l\u0131 Ki\u015fisel Verilerin Korunmas\u0131 Kanunun 5\/2 a, c, \u00e7, e, f bentlerinde<\/span><br><\/p><p>belirtilen \u201ckanunlarda \u00f6ng\u00f6r\u00fclmesi, s\u00f6zle\u015fmenin kurulmas\u0131 veya ifas\u0131, hukuki y\u00fck\u00fcml\u00fcl\u00fc\u011f\u00fcn yerine<br>getirilebilmesi, bir hakk\u0131n tesisi, kurulmas\u0131 veya ifas\u0131, veri sorumlusunun me\u015fru menfaati\u201d kapsam\u0131nda<br>istisna h\u00fck\u00fcmleri uyar\u0131nca i\u015fleniyor olanlar\u0131 hari\u00e7 olmak kayd\u0131yla;<br>\u0130stisna h\u00fck\u00fcmlerine girmeyen ki\u015fisel verilerimin ayd\u0131nlatma metninde yer alan ama\u00e7, konu, kategori,<br>aktar\u0131m, y\u00f6ntem ve hukuki sebep ile s\u0131n\u0131rl\u0131 olmak \u00fczere i\u015flenmesine, belirtilen yerlere aktar\u0131lmas\u0131na bu<br>beyan\u0131m\u0131n t\u00fcm anlam ve sonu\u00e7lar\u0131n\u0131n fark\u0131nda olarak, gelecekteki olas\u0131 sonu\u00e7lar\u0131n\u0131n bilincinde, \u00f6zg\u00fcr<br>iradem ile onayl\u0131yorum.<\/p>\t\t\t\t\t\t\t\t<\/div>\n\t\t\t\t<\/div>\n\t\t\t\t\t<\/div>\n\t\t\t\t<\/div>\n\t\t\t\t<\/div>","protected":false},"excerpt":{"rendered":"<p>K\u0130\u015e\u0130SEL VER\u0130LER\u0130N \u0130\u015eLENMES\u0130NE \u0130L\u0130\u015eK\u0130N M\u00dc\u015eTER\u0130 A\u00c7IK RIZA BEYANIDemirsan So\u011fuk \u00c7ekme Sanayi ve Ticaret Anonim \u015eirketi (\u015eirket olarak an\u0131lacakt\u0131r.) taraf\u0131ndan iletilenayd\u0131nlatma metni ile taraf\u0131ma, i\u015flenecek ki\u015fisel veri kategorileri, i\u015flenecek \u00f6zel nitelikli ki\u015fisel veriler (Uyruk,Hastal\u0131k durumu, Fiziksel Engellilik durumu, Islak \u0130mza, Foto\u011fraf, Adli Sicil Kayd\u0131 bilgisi, Sa\u011fl\u0131k Raporundayer alan Ki\u015fisel Sa\u011fl\u0131k Bilgileri, Kan Grubu Bilgisi, Fiziksel Mekan [&hellip;]<\/p>\n","protected":false},"author":1,"featured_media":0,"parent":0,"menu_order":0,"comment_status":"closed","ping_status":"closed","template":"","meta":{"footnotes":""},"class_list":["post-286","page","type-page","status-publish","hentry"],"_links":{"self":[{"href":"https:\/\/demirsan.com\/en\/wp-json\/wp\/v2\/pages\/286","targetHints":{"allow":["GET"]}}],"collection":[{"href":"https:\/\/demirsan.com\/en\/wp-json\/wp\/v2\/pages"}],"about":[{"href":"https:\/\/demirsan.com\/en\/wp-json\/wp\/v2\/types\/page"}],"author":[{"embeddable":true,"href":"https:\/\/demirsan.com\/en\/wp-json\/wp\/v2\/users\/1"}],"replies":[{"embeddable":true,"href":"https:\/\/demirsan.com\/en\/wp-json\/wp\/v2\/comments?post=286"}],"version-history":[{"count":4,"href":"https:\/\/demirsan.com\/en\/wp-json\/wp\/v2\/pages\/286\/revisions"}],"predecessor-version":[{"id":290,"href":"https:\/\/demirsan.com\/en\/wp-json\/wp\/v2\/pages\/286\/revisions\/290"}],"wp:attachment":[{"href":"https:\/\/demirsan.com\/en\/wp-json\/wp\/v2\/media?parent=286"}],"curies":[{"name":"wp","href":"https:\/\/api.w.org\/{rel}","templated":true}]}}