{"id":305,"date":"2023-10-17T18:05:27","date_gmt":"2023-10-17T15:05:27","guid":{"rendered":"https:\/\/demirsan.com\/?page_id=305"},"modified":"2023-10-17T18:05:27","modified_gmt":"2023-10-17T15:05:27","slug":"kisisel-veri-talep-formu","status":"publish","type":"page","link":"https:\/\/demirsan.com\/en\/kisisel-veri-talep-formu\/","title":{"rendered":"PERSONAL DATA REQUEST FORM"},"content":{"rendered":"<p>Bu, bir Ki\u015fisel Verilerin Korunmas\u0131 Kanunu (&#8220;KVK Kanunu&#8221;) ba\u015fvuru formunun \u00f6rne\u011fi gibi g\u00f6r\u00fcn\u00fcyor. Bu t\u00fcr bir form, ki\u015fisel verilerinizin i\u015flenmesi veya korunmas\u0131 ile ilgili taleplerde bulunmak i\u00e7in kullan\u0131l\u0131r.<\/p>\n\n\n\n<p>Ba\u015fvurunuzu doldurmak i\u00e7in a\u015fa\u011f\u0131daki bilgileri eklemeniz gerekecektir:<\/p>\n\n\n\n<p>A &#8211; Ba\u015fvuru Sahibinin \u0130leti\u015fim Bilgileri:<\/p>\n\n\n\n<ul class=\"wp-block-list\">\n<li>Ad\u0131: Ba\u015fvuru sahibinin ad\u0131n\u0131 buraya yaz\u0131n.<\/li>\n\n\n\n<li>Soyad\u0131: Ba\u015fvuru sahibinin soyad\u0131n\u0131 buraya yaz\u0131n.<\/li>\n\n\n\n<li>TC Kimlik Numaras\u0131: T\u00fcrkiye Cumhuriyeti vatanda\u015flar\u0131 i\u00e7in kimlik numaras\u0131n\u0131 girin.<\/li>\n\n\n\n<li>Telefon Numaras\u0131: Ba\u015fvuru sahibinin telefon numaras\u0131n\u0131 girin.<\/li>\n\n\n\n<li>E-Posta: Ba\u015fvuru sahibinin e-posta adresini girin.<\/li>\n\n\n\n<li>Adres: Ba\u015fvuru sahibinin adresini belirtin.<\/li>\n<\/ul>\n\n\n\n<p>Bu bilgileri doldurduktan sonra, ba\u015fvurunuzu \u015eirketinize nas\u0131l iletece\u011finizi belirten talimatlar\u0131 uygulamal\u0131s\u0131n\u0131z. Genellikle, bu t\u00fcr ba\u015fvurular\u0131 noter vas\u0131tas\u0131yla veya g\u00fcvenli elektronik imza kullanarak elektronik posta ile g\u00f6nderme se\u00e7ene\u011finiz vard\u0131r. \u0130lgili Ki\u015fisel Verilerin Korunmas\u0131 Kanunu&#8217;na uygun olarak bu ba\u015fvurular, gereken s\u00fcre i\u00e7inde yan\u0131tlanmal\u0131d\u0131r. Yan\u0131tlar, yaz\u0131l\u0131 veya elektronik olarak size iletilir.<\/p>\n\n\n\n<p>Ba\u015fvurunuzun KVK Kanunu gerekliliklerine uygun ve eksiksiz olmas\u0131n\u0131 sa\u011flamak i\u00e7in bir hukuk dan\u0131\u015fman\u0131ndan yard\u0131m alman\u0131z faydal\u0131 olabilir. Ba\u015fvurunuz i\u015flendikten sonra taleplerinize uygun yan\u0131tlar alman\u0131z gerekir.<\/p>\n\n\n\n<p><strong>! !G\u0130ZL\u0130L\u0130K B\u0130LD\u0130R\u0130M\u0130<br><\/strong>Bu dok\u00fcman Demirsan So\u011fuk \u00c7ekme San. ve Tic. A.\u015e\u2019ye aittir. Gizli ya da a\u00e7\u0131klanmas\u0131 k\u0131s\u0131tlanm\u0131\u015f bilgileri i\u00e7eriyor<br>olabilir. Yetkili bir al\u0131c\u0131 de\u011filseniz, l\u00fctfen bu belgeyi yetkili sahibine iade edin. Demirsan So\u011fuk \u00c7ekme San. ve Tic.<br>A.\u015e\u2019nin \u00f6nceden yaz\u0131l\u0131 izni olmaks\u0131z\u0131n, bu belgenin tamamen veya k\u0131smen, izin verilen al\u0131c\u0131 d\u0131\u015f\u0131ndaki bir ki\u015fi<br>taraf\u0131ndan yay\u0131lmas\u0131, da\u011f\u0131t\u0131m\u0131, kopyalanmas\u0131 veya kullan\u0131lmas\u0131 kesinlikle yasakt\u0131r.<\/p>\n\n\n\n<p><\/p>\n\n\n\n<p><strong>B &#8211; L\u00fctfen \u015eirketimiz ile olan ili\u015fkinizi belirtiniz:<\/strong><\/p>\n\n\n\n<ul class=\"wp-block-list\">\n<li>M\u00fc\u015fteri:<\/li>\n\n\n\n<li>\u0130\u015f Orta\u011f\u0131:<\/li>\n\n\n\n<li>Ziyaret\u00e7i:<\/li>\n\n\n\n<li>Di\u011fer (l\u00fctfen ili\u015fkinizi a\u00e7\u0131klay\u0131n):<\/li>\n\n\n\n<li>\u015eirketimiz \u0130\u00e7erisinde \u0130leti\u015fimde Oldu\u011funuz Birim:<\/li>\n\n\n\n<li>Konu: \u0130lgili talebinizin ba\u015fl\u0131\u011f\u0131n\u0131 veya konusunu belirtin.<\/li>\n<\/ul>\n\n\n\n<p><strong>C &#8211; L\u00fctfen KVK Kanunu kapsam\u0131ndaki talebinizi detayl\u0131 olarak belirtiniz:<\/strong> Bu k\u0131s\u0131mda, hangi ki\u015fisel verilerinizi sormak veya hangi talepte bulunmak istedi\u011finizi ayr\u0131nt\u0131l\u0131 olarak a\u00e7\u0131klay\u0131n.<\/p>\n\n\n\n<p><strong>D &#8211; L\u00fctfen ba\u015fvurunuza verece\u011fimiz yan\u0131t\u0131n taraf\u0131n\u0131za bildirilme y\u00f6ntemini se\u00e7iniz:<\/strong> Yan\u0131tlar\u0131n\u0131z\u0131 almak istedi\u011finiz ileti\u015fim y\u00f6ntemini se\u00e7in:<\/p>\n\n\n\n<ul class=\"wp-block-list\">\n<li>Adresime g\u00f6nderilmesini istiyorum.<\/li>\n\n\n\n<li>E-Posta adresime g\u00f6nderilmesini istiyorum.<\/li>\n\n\n\n<li>Elden teslim almak istiyorum.<\/li>\n<\/ul>\n\n\n\n<p>Ba\u015fvuru sahibi olarak ad\u0131n\u0131z\u0131 ve soyad\u0131n\u0131z\u0131, ba\u015fvuru tarihini ve imzan\u0131z\u0131 bu belgeye eklemelisiniz. Ayr\u0131ca, \u015eirketinizin kimlik ve yetki tespiti i\u00e7in ek belgeler talep etme hakk\u0131n\u0131 sakl\u0131 tuttu\u011funu unutmay\u0131n.<\/p>\n\n\n\n<p>Bu belgeyi doldururken ki\u015fisel verilerinizi ve \u00f6zel bilgilerinizi do\u011fru ve g\u00fcncel bir \u015fekilde sa\u011flad\u0131\u011f\u0131n\u0131zdan emin olmal\u0131s\u0131n\u0131z. Yanl\u0131\u015f bilgi vermeniz veya yetkisiz bir ba\u015fvuru yapman\u0131z halinde, \u015eirketin sorumlulu\u011fu olmayabilir. Ba\u015fvurunuz i\u015flendikten sonra taleplerinize yan\u0131t verilecektir.<\/p>","protected":false},"excerpt":{"rendered":"<p>Bu, bir Ki\u015fisel Verilerin Korunmas\u0131 Kanunu (&#8220;KVK Kanunu&#8221;) ba\u015fvuru formunun \u00f6rne\u011fi gibi g\u00f6r\u00fcn\u00fcyor. Bu t\u00fcr bir form, ki\u015fisel verilerinizin i\u015flenmesi veya korunmas\u0131 ile ilgili taleplerde bulunmak i\u00e7in kullan\u0131l\u0131r. Ba\u015fvurunuzu doldurmak i\u00e7in a\u015fa\u011f\u0131daki bilgileri eklemeniz gerekecektir: A &#8211; Ba\u015fvuru Sahibinin \u0130leti\u015fim Bilgileri: Bu bilgileri doldurduktan sonra, ba\u015fvurunuzu \u015eirketinize nas\u0131l iletece\u011finizi belirten talimatlar\u0131 uygulamal\u0131s\u0131n\u0131z. Genellikle, bu t\u00fcr [&hellip;]<\/p>\n","protected":false},"author":1,"featured_media":0,"parent":0,"menu_order":0,"comment_status":"closed","ping_status":"closed","template":"","meta":{"footnotes":""},"class_list":["post-305","page","type-page","status-publish","hentry"],"_links":{"self":[{"href":"https:\/\/demirsan.com\/en\/wp-json\/wp\/v2\/pages\/305","targetHints":{"allow":["GET"]}}],"collection":[{"href":"https:\/\/demirsan.com\/en\/wp-json\/wp\/v2\/pages"}],"about":[{"href":"https:\/\/demirsan.com\/en\/wp-json\/wp\/v2\/types\/page"}],"author":[{"embeddable":true,"href":"https:\/\/demirsan.com\/en\/wp-json\/wp\/v2\/users\/1"}],"replies":[{"embeddable":true,"href":"https:\/\/demirsan.com\/en\/wp-json\/wp\/v2\/comments?post=305"}],"version-history":[{"count":1,"href":"https:\/\/demirsan.com\/en\/wp-json\/wp\/v2\/pages\/305\/revisions"}],"predecessor-version":[{"id":312,"href":"https:\/\/demirsan.com\/en\/wp-json\/wp\/v2\/pages\/305\/revisions\/312"}],"wp:attachment":[{"href":"https:\/\/demirsan.com\/en\/wp-json\/wp\/v2\/media?parent=305"}],"curies":[{"name":"wp","href":"https:\/\/api.w.org\/{rel}","templated":true}]}}